{"id":428,"date":"2014-07-24T12:07:11","date_gmt":"2014-07-24T12:07:11","guid":{"rendered":"http:\/\/lcdl.r-twerk.com\/en\/?page_id=428"},"modified":"2022-11-04T20:47:35","modified_gmt":"2022-11-04T19:47:35","slug":"comments","status":"publish","type":"page","link":"https:\/\/www.lacasadellado.cat\/en\/comments\/","title":{"rendered":"Comments"},"content":{"rendered":"<p>This is what our customers say about us:<\/p>\n<div>\n<div>\n<div>\n<div>\n<div>\n<div>\n<div class=\"headline\"><strong>Genial!<\/strong><\/div>\n<div class=\"body\">Hemos estado de lujo! La casa es preciosa, con muchos espacios comunes, buena cocina y habitaciones. El entorno precioso y Salut s\u00faper amable. Gracias!<\/div>\n<div class=\"date\">Miriam Z. Publicado el 9\/28\/2022 a las 1:27 PM en Vrbo<\/div>\n<div>&nbsp;<\/div>\n<\/div>\n<div>\n<div class=\"headline\"><strong>Ein wunderbarer Ort zum Erholen und Erkunden<\/strong><\/div>\n<div class=\"body\">Der Ausblick vom Garten aus in die Berge ist phantastisch, der Pool supersauber und der riesige Garten l\u00e4dt zum Entspannen ein. Die Unterkunft hat alles, was man erwartet und ist sehr sauber und ger\u00e4umig. Vom l\u00e4ndlichen und ruhigen Llad\u00f3 aus l\u00e4sst sich bestens die Costa Brava erkunden und auch die Berge sind nicht sehr weit. Der n\u00e4chstgelegene Strand bei Sant Pere Pescador ist mit dem Auto in 35 Minuten zu erreichen. Die ganze Bucht ist ein Erlebnis, keineswegs \u00fcberlaufen, das Wasser sauber und das Schwimmen ein Genuss. Die Gastgeber sind einfach klasse, sehr zuvorkommend und freundlich und unterst\u00fctzen bei allen offenen Fragen umgehend. Die Kommunikation kann besser nicht sein. Mit einem Wort: Ein bestens gelungener Aufenthalt. Wir werden sicher wiederkommen, wenn wir wieder an der Costa Brava sind.<\/div>\n<div class=\"date\">Christian B. Publicado el 8\/18\/2022 a las 8:20 AM en Homeaway<\/div>\n<\/div>\n<div>\n<div>&nbsp;<\/div>\n<\/div>\n<\/div>\n<\/div>\n<div>\n<div class=\"headline\"><strong>Preciosa casa llena de paz y rodeada de naturaleza<\/strong><\/div>\n<div class=\"body\">Tanto Toni como Salut fueron unos anfitriones excelentes. Comunicaci\u00f3n r\u00e1pida y fluida. La casa es ideal , el ba\u00f1o con el jard\u00edn interior te invita a reconectar con la naturaleza al igual que su jard\u00edn. Muy recomendable .<\/div>\n<div class=\"date\">Esther R. Publicada el 5\/25\/2022 a las 4:12 PM en Vrbo<\/div>\n<div>&nbsp;<\/div>\n<div>\n<div class=\"headline\"><strong>A great place to relax!<\/strong><\/div>\n<div class=\"body\">The house is ideal for a family, group of friends, children of all ages. A comfortable and cozy place to spend a few nice days of tranquility!<\/div>\n<div class=\"date\">Clarisa A. Publicado el 1\/2\/2022 a las 10:19 AM en Homeaway<\/div>\n<\/div>\n<div>&nbsp;<\/div>\n<\/div>\n<div>\n<div class=\"headline\"><strong>Perfecto!<\/strong><\/div>\n<div class=\"body\">La propietaria, Salut, muy amable! Nos dej\u00f3 ba\u00f1erita para las peques y todo! La casa muy, muy bien! Super calentita!! Le pongo un 10!<\/div>\n<div class=\"date\">Beatriz B. Publicado el 11\/22\/2021 a las 7:53 AM en Homeaway<\/div>\n<\/div>\n<div>\n<div>\n<div>\n<div>&nbsp;<\/div>\n<\/div>\n<div class=\"headline\"><strong>Authentique<\/strong><\/div>\n<div class=\"body\">Location bien \u00e9quip\u00e9e (drap, serviette), bon emplacement entre mer et montagne, et Salut, notre h\u00f4te tr\u00e8s disponible !! Tr\u00e8s bonne vacances !!<\/div>\n<div class=\"date\">Celine Jo. Publicado el 10\/31\/2021 a las 3:48 PM en Abritel<\/div>\n<div>&nbsp;<\/div>\n<\/div>\n<div class=\"headline\"><strong>Bonita casa en magnifico entorno<\/strong><\/div>\n<div class=\"body\">Muy buen alojamiento rural, muy confortable y con todos los servicios que necesitabamos. El entorno es muy agradable y bonito, con zonas ajardinadas, terrazas individuales y comunes y espacios para la desconexi\u00f3n y el relax. Situado en una zona que permite tanto la tranquilidad como la posibilidad de realizar excursiones tanto urbanas como campestres. La comunicaci\u00f3n con los due\u00f1os y responsables fue fluida y amable en todo momento. A revisitar!!!!<\/div>\n<div class=\"date\">Ricard S. Publicado el 10\/12\/2021 a las 7:49 PM en Homeaway<\/div>\n<div>&nbsp;<\/div>\n<\/div>\n<div>\n<div class=\"headline\"><strong>Un lugar \u00eddilico en el campo y cerca de la playa<\/strong><\/div>\n<div class=\"body\">La realidad supera las fotograf\u00edas. Un alojamiento en el campo con todas las comodidades necesarias y mas. Salut encantadora!!! Muy bien pensado tanto para unas largas vacaciones en familia como para una estancia mas corta en cualquier momento del a\u00f1o. Un pueblo tranquilo donde disfrutar del campo y a 20 minutos de las playas. 100% recomendable.<\/div>\n<div class=\"date\">Olga A. Publicado el 7\/19\/2021 a las 2:40 PM en Homeaway<\/div>\n<\/div>\n<div>\n<div>&nbsp;<\/div>\n<\/div>\n<div class=\"headline\"><strong>Una estancia genial<\/strong><\/div>\n<div class=\"body\">Lo recomiendo! Un sitio precioso, r\u00fastico pero no anticuado. Todo super limpio. Lo \u00fanico malo que hab\u00eda muchos bichos, aunque lo normal en un sitio rural! Volveremos<\/div>\n<div class=\"date\">Ana N. Publicado el 6\/16\/2021 a las 6:19 PM en Vrbo<\/div>\n<div class=\"response-area\">&nbsp;<\/div>\n<\/div>\n<div class=\"headline\"><strong>Un lugar muy acogedor.<\/strong><\/div>\n<div class=\"body\">Nos ha gustado mucho\u2026 todo! La casita muy bonita y c\u00f3moda, el entorno precioso y la calidad humana de Salut y Toni, admirable. Nico, Ricard y Alicia.<\/div>\n<div class=\"date\">Alicia J. Publicado el 6\/16\/2021 a las 12:45 PM en Vrbo<\/div>\n<\/div>\n<div>&nbsp;<\/div>\n<div>\n<div><strong>Personalidad<\/strong><\/div>\n<\/div>\n<div class=\"body\">Se aprecia un alto grado de racionalidad y creatividad en el dise\u00f1o del espacio y su entorno ajardinado, valores estos muy poco frecuentes. Gracias por poder compartir este lugar en el Empord\u00e0.<\/div>\n<div class=\"date\">Pere C. Publicado el 5\/14\/2021 a las 9:16 PM en Vrbo<\/div>\n<\/div>\n<div>&nbsp;<\/div>\n<div class=\"headline\"><strong>Excelente, lo repetiremos!!<\/strong><\/div>\n<div class=\"body\">Hemos pasado una semana en este lugar fant\u00e1stico. La casa es comod\u00edsima, amplio sal\u00f3n con cocina integrada, muy bien equipada. La calefacci\u00f3n por el suelo es un lujo. Los ventanales hacen que tengas excelentes vistas desde donde mires. Est\u00e1 en la naturaleza pero a dos pasos del pueblo, que por cierto es muy muy simp\u00e1tico. Hay varias rutas para hacer caminando. Los due\u00f1os, Salut y Toni, fueron muy amables y hospitalarios. Somos una pareja de casi 50 y una ni\u00f1a de 8 y un ni\u00f1o de 9 a\u00f1os. Volveremos seguro!<\/div>\n<div class=\"date\">Fiori M. Publicado el 1\/11\/2021 a las 10:10 PM en Vrbo<\/div>\n<div>&nbsp;<\/div>\n<div>\n<div>\n<div>\n<div>\n<div>\n<div>\n<div>\n<div>\n<div>\n<div>\n<div>\n<div>\n<div>\n<div>\n<div class=\"headline\"><strong>Genial<\/strong><\/div>\n<div class=\"body\">Jard\u00edn enorme. Buenas vistas. Cerca de pueblos preciosos. Casa con todas las comodidades.<\/div>\n<div class=\"date\">Hernandez C. Publicado el 11\/12\/2020 a las 9:59 en Vrbo<\/div>\n<div>&nbsp;<\/div>\n<\/div>\n<div class=\"headline\"><strong>Fant\u00e1stica estancia!<\/strong><\/div>\n<div class=\"body\">Hemos podido disfrutar de unos d\u00edas de desconexi\u00f3n en esta maravillosa zona. La casa preciosa, tal y como puede verse en las fotograf\u00edas, no le falta detalle y muy acogedora. Salut encantadora! nos di\u00f3 mucha informaci\u00f3n sobre las excursiones y rutas que pod\u00edamos hacer por la zona! Sin duda repetiremos!! Muchas gracias!!!<\/div>\n<div class=\"body\">Silvia_ Lluis_Martina. Publicado el 11\/12\/2020 a las 10:07 en Vrbo<\/div>\n<div>&nbsp;<\/div>\n<\/div>\n<div class=\"headline\"><strong>Para repetir<\/strong><\/div>\n<div class=\"body\">Excelente, asequible para el bolsillo,todo muy familiar, sitio muy tranquilo para desconectar de la ciudad y los propietarios muy hospitalarios y atentos seguro que volveremos.<\/div>\n<div class=\"date\">Marta O. Publicado el 04\/10\/2020 a las 8:00 en Vrbo<\/div>\n<div>&nbsp;<\/div>\n<\/div>\n<div class=\"headline\"><strong>Excel.lent!<\/strong><\/div>\n<div class=\"body\">Una experi\u00e8ncia excel.lent! Ens va encantar!<\/div>\n<div class=\"date\">S\u00edlvia C. Publicado el 30\/09\/2020 a las 20:46 en Vrbo<\/div>\n<div>&nbsp;<\/div>\n<\/div>\n<div class=\"headline\"><strong>Vivienda muy agradable<\/strong><\/div>\n<div class=\"body\">La vivienda esta situada en Llad\u00f3, un pueblo que queda muy bien ubicado entre la costa Brava y la comarca de la Garrotxa. Nuestra estancia fue muy tranquila y agradable.<\/div>\n<div class=\"date\">Marc F. Publicado el 30\/09\/2020 a las 20:07 en Vrbo<\/div>\n<div>&nbsp;<\/div>\n<\/div>\n<div class=\"headline\"><strong>Casa maginifica.<\/strong><\/div>\n<div class=\"body\">Muy bien situado, un sitio magnifico. Excelente servicio.<\/div>\n<div class=\"date\">Daniel M. Publicado el 12\/09\/2020 a las 12:06 en Vrbo<\/div>\n<div>&nbsp;<\/div>\n<\/div>\n<div class=\"headline\"><strong>Absolutamente recomendable!<\/strong><\/div>\n<div class=\"body\">Nos ha encantado todo! Desde la amabilidad de los propietarios hasta la belleza del entorno. La casa es maravillosa, todas las estancias con una decoraci\u00f3n preciosa, y muy cuidado. De verdad que es un placer encontrar sitios as\u00ed. Volveremos seguro.<\/div>\n<div class=\"date\">Carlos L. Publicado el 20\/01\/2020 a las 3:21 en Vrbo<\/div>\n<div>&nbsp;<\/div>\n<\/div>\n<div class=\"headline\"><strong>FINDE tranquilo<\/strong><\/div>\n<div class=\"body\">Estuvimos un fin de semana y todo super\u00f3 nuestras espectativas. Escapada Rural perfecta La propietaria estuvo en todo momento pendiente que no nos faltar\u00e1 de nada. Muchas gracias por todo Salut, repetiremos seguro \u00a1\u00a1\u00a1\u00a1<\/div>\n<div class=\"date\">Sara C. Publicado el 13\/11\/2019 a las 18:05 en Vrbo<\/div>\n<div>&nbsp;<\/div>\n<\/div>\n<div>\n<div class=\"headline\"><strong>Tranquilitat<\/strong><\/div>\n<div class=\"body\">Molta tranquil\u00b7litat en un entorn bonic<\/div>\n<div class=\"date\">Alban N. Publicado el 01\/11\/2019 a las 23:56 en Vrbo<\/div>\n<\/div>\n<div>&nbsp;<\/div>\n<div class=\"headline\"><strong>Einfach sch\u00f6n!<\/strong><\/div>\n<div class=\"body\">Das Haus ist wundersch\u00f6n gelegen und Innen gem\u00fctlich und sauber eingerichtet-sch\u00f6ne Farben im und um das Haus! Hier l\u00e4sst es sich verweilen und wir w\u00fcrden auf jeden Fall wieder hier buchen. Sehr nette Menschen!<\/div>\n<div class=\"date\">Lucia R. Publicado el 14\/10\/2019 a las 6:43 en Vrbo<\/div>\n<div class=\"response-area\">&nbsp;<\/div>\n<\/div>\n<div class=\"headline\"><strong>Excelente<\/strong><\/div>\n<div class=\"body\">Hemos disfrutado de un fin de semana muy muy bueno, el trato ha sido inmejorable, tuvieron muchas atenciones con nuestro peque, nos indicaron sitios donde poder ir, etc\u2026 Las instalaciones est\u00e1n muy muy bien, sitio muy recomendable, seguro que repetiremos en un futuro<\/div>\n<div class=\"date\">Miguel R. Publicado el 01\/10\/2019 a las 11:49 en Vrbo<\/div>\n<\/div>\n<div>\n<div>\n<div>&nbsp;<\/div>\n<div class=\"headline\"><strong>Better than advertised!<\/strong><\/div>\n<div class=\"body\">A spacious, well-equipped (better than most), comfortable property in a wonderful position, just a short walk down into the local town with its bakery and small supermarket for daily provisions. A great place to stay with close proximity to coast, mountains, interesting and picturesque towns. Salut is a great host \u2013 really friendly and helpful with lots of advice about places to visit. Our thanks to her and to Pilar for making our stay so enjoyable.<\/div>\n<div class=\"date\">Belinda S. Publicado el 19\/10\/2019 a las 9:34 en Vrbo<\/div>\n<\/div>\n<\/div>\n<\/div>\n<\/div>\n<\/div>\n<\/div>\n<div>&nbsp;<\/div>\n<div>\n<div>\n<div>\n<div>\n<div><strong>Lugar inspirador<\/strong><\/div>\n<div>A cinco minutos andando del centro del pueblo pero que parece que est\u00e1s perdida en el campo. Todo es incluso mejor que las fotos; limpio, bonito, camas comod\u00edsimas, todos los utensilios de cocina necesarios, el ba\u00f1o es una pasada, la calefacci\u00f3n por el suelo es genial en invierno y adem\u00e1s nos dejaron le\u00f1a para la chimenea. Salut y la chica que le ayuda, Pilar son maj\u00edsimas. Adem\u00e1s esta super bien ubicado para conocer la zona. Volveremos seguro, lo recomendamos.<\/div>\n<div>Laura. Publicado en Noviembre 2019 en Airbnb<\/div>\n<div>&nbsp;<\/div>\n<div><strong>Muy recomendable!<\/strong><\/div>\n<div>Salut fue muy disponible, agradable y flexible con los horarios. Tambi\u00e9n nos ha aconsejado mucho sobre las visitas y lugares tur\u00edsticos. La casa es muy bonita, ubicada en una zona preciosa. Ideal para un grupo peque\u00f1o.&nbsp;<\/div>\n<div>Chloe. Publicado en Noviembre 2019 en Airbnb<\/div>\n<\/div>\n<div>&nbsp;<\/div>\n<div><strong>Estancia inmejorable.<\/strong><\/div>\n<div>La casa es tal y como se ve en las fotograf\u00edas. Estaba todo muy limpio y dispon\u00eda de todo lo que necesit\u00e1bamos. El entorno es espectacular, muy tranquilo y silencioso. Nos hemos sentido como en casa. Muchas gracias por todo Salut<\/div>\n<div>Gemma. Publicado en Octubre 2019 en Airbnb<\/div>\n<\/div>\n<\/div>\n<div>&nbsp;<\/div>\n<div><strong>Charming place with attentioned hosts.<\/strong><\/div>\n<div>The flat is perfect for a family trip .<\/div>\n<div>Mps. Publicado en Octubre 2019 en Arbnb<\/div>\n<div>\n<div>&nbsp;<\/div>\n<div><strong>Recomendable 100% si buscas tranquilidad.<\/strong><\/div>\n<div>La casa es acogedora y pr\u00e1ctica, las camas comod\u00edsimas y el menaje perfecto si quieres cocinar all\u00ed. El jard\u00edn y la piscina el complemento ideal para descansar, leer y escuchar los p\u00e1jaros y los grillos.<\/div>\n<div>Eiliaana. Publicado en Septiembre de 1019 en Airbnb<\/div>\n<\/div>\n<\/div>\n<div>\n<div>\n<div>\n<div>\n<div>\n<div>\n<div>&nbsp;<\/div>\n<\/div>\n<div>&nbsp;<\/div>\n<div class=\"headline\"><strong>Beautifull views!<\/strong><\/div>\n<div class=\"body\">Wonderfull hosts ! Llado is a quiet Catalan village, that we loved very much! The house was very fine similar like the picture. We loved the shower with a view!<\/div>\n<div class=\"date\">Milo H. Publixado el 11\/09\/2019 a las 22:12 en Vrbo<\/div>\n<div>&nbsp;<\/div>\n<\/div>\n<div>&nbsp;<\/div>\n<div class=\"headline\"><strong>Toller Urlaub<\/strong><\/div>\n<div class=\"body\">Wir hatten einen super sch\u00f6nen Urlaub in einer tollen Unterkunft. Die Vermieter sind sehr nett und immer hilfsbereit. Der von Ihnen organisierte Paella Abend war super! Wir kommen gerne wieder!<\/div>\n<div class=\"date\">Simone G. Publicado el 31\/07\/2019 a las 6:38 en Vrbo<\/div>\n<hr>\n<\/div>\n<div>\n<div>\n<div class=\"headline\"><strong>Highly recommended<\/strong><\/div>\n<div class=\"body\">Had a wonderful week staying here. The houses are in a lovely setting on a hill, looking down over the village. Very peaceful! Salut is a wonderful host, and has a wealth of information and recommendations of places to visit\/eat. The pool was a great bonus. We would definitely like to return here in the future.<\/div>\n<div class=\"date\">Lynn M. Publicado el 05\/07\/2019 a las 14:48 en Vrbo<\/div>\n<\/div>\n<div>&nbsp;<\/div>\n<div>&nbsp;<\/div>\n<div class=\"headline\"><strong>Very good<\/strong><\/div>\n<div class=\"body\">Owners were very helpful<\/div>\n<div class=\"date\">David H. Publicado el 29\/06\/2019 a las 16:48 en Vrbo<\/div>\n<div>&nbsp;<\/div>\n<\/div>\n<\/div>\n<div class=\"review__author\"><strong>Increible<\/strong><\/div>\n<div class=\"review--expanded\">\n<p>Un sitio precioso y tranquilo perfecto para ir a relajarte y descansar rodeado de naturaleza<\/p>\n<\/div>\n<div class=\"review__footer\">\n<div class=\"review__submitted\"><span class=\"review__submitted-label\"><span class=\"review__author-name\">Alejandro R. \u2013&nbsp;<\/span>Publicado el&nbsp;<\/span><span class=\"review__submitted-details\">22 jun. 2019 en HomeAway<\/span><\/div>\n<div>\n<hr>\n<p><strong>Preciosas casitas en Llad\u00f3<\/strong><\/p>\n<\/div>\n<\/div>\n<\/div>\n<div class=\"review__author\">Hemos pasado tres d\u00edas en una de las casas y hemos disfrutado mucho del lugar. El pueblo es bonito y tranquilo y a la vez tiene mucha vida alrededor de la plaza. Pueden comprarse todo tipo de provisiones en la tienda, y la carnicer\u00eda es estupenda.<\/div>\n<div class=\"review--expanded\">\n<p>La casa donde hemos estado alojados es muy c\u00f3moda, amplia y bonita. Salut y su marido han cuidado de cada detalle para lograr el relax de sus hu\u00e9spedes. El jard\u00edn y la piscina hicieron las delicias de nuestros movidos mellizos de siete a\u00f1os.<\/p>\n<p>Recomiendo mucho el lugar, a un paso del pueblo y a la vez en un entorno donde solo se oyen los cantos de los p\u00e1jaros.<\/p>\n<p>Volveremos.<\/p>\n<\/div>\n<div class=\"review__footer\">\n<div class=\"review__submitted\"><span class=\"review__submitted-label\"><span class=\"review__author-name\">Lidia O. \u2013&nbsp;<\/span>Publicado el&nbsp;<\/span><span class=\"review__submitted-details\">11 jun. 2019 en HomeAway<\/span><\/div>\n<div>\n<hr>\n<\/div>\n<\/div>\n<p><strong>Casa encantadora<\/strong><\/p>\n<p><span style=\"color: #808080;\">Casa y zona comunes muy agradables y bien equipada, propietarios&nbsp; encantadores con muy buena vibraciones, el pueblo Llado muy bonito y tranquilo.<\/span><br \/>\n<span style=\"color: #808080;\">Recomiendo 100&#215;100<\/span><\/p>\n<p><span style=\"color: #808080;\">Fermin &#8211;&nbsp;&nbsp;Diciembre 2018, en familia &#8211; Comentario publicado en Escapada Rural<\/span><\/p>\n<p>______________________________________________________________________________<\/p>\n<p><strong>Nuestra experiencia en Llad\u00f3 ha sido excelente<\/strong><\/p>\n<p><span style=\"color: #808080;\">Muy recomendable para familias con ni\u00f1os. Su ubicaci\u00f3n es perfecta, pueblo peque\u00f1o rodeado de naturaleza y que dispone de ciudades cercanas para poder visitar.<\/span><\/p>\n<p><span style=\"color: #808080;\">La casa es muy bonita y acogedora, con chimenea y un ba\u00f1o precioso. A su alrededor, dispone de un amplio jard\u00edn y piscina, ideal para los m\u00e1s peque\u00f1os.<\/span><\/p>\n<p><span style=\"color: #808080;\">Los propietarios son muy amables y atentos.<\/span><\/p>\n<p><span style=\"color: #808080;\">No dudaremos en repetir una nueva experiencia en casa Llad\u00f3.<\/span><\/p>\n<p><span style=\"color: #808080;\">Ivette P &#8211; 05\/11\/2018 &#8211;&nbsp;Comentario publicado en HomeAway<\/span><\/p>\n<p>_____________________________________________________________________________<\/p>\n<div><strong>Naturaleza y Comodidad<\/strong><\/div>\n<div>&nbsp;<\/div>\n<div id=\"5Mroztfc0ZijnKiXqcTWyuXI5M7i2dvU4A\" class=\"review-desc translatable\"><span style=\"color: #808080;\">Una casa fantastica, l\u00edmpia, espacios muy amplios y agradables, con mucha luz,<\/span><br \/>\n<span style=\"color: #808080;\">no le falta detalle y ademas muy comoda.<\/span><br \/>\n<span style=\"color: #808080;\">Se respiraba tranquilidad que es lo que queriamos! Con un enorme jardin,con unos propietarios muy amables y que nos recomendaron sitios para visitar .<\/span><br \/>\n<span style=\"color: #808080;\">Estuvimos pocos dias pero con ganas de volver, porque hay muchos sitios bonitos en la zona.<\/span><\/div>\n<div>&nbsp;<\/div>\n<div class=\"occupancy-date\"><span style=\"color: #808080;\">Nuria &#8211; Marzo 2018, en familia &#8211;&nbsp;Comentario publicado en Escapada Rural<\/span><\/div>\n<div>___________________________________________________________________________________<\/div>\n<p><strong>Limpio y bien equipado. Estupendo para ni\u00f1os<\/strong><\/p>\n<\/div>\n<div>&nbsp;<\/div>\n<div class=\"body\"><span style=\"color: #808080;\">Planta baja (sin escaleras). Ideal para ni\u00f1os peque\u00f1os. Habitaciones espaciosas y alojamiento bien equipado. Jard\u00edn amplio para que los ni\u00f1os jueguen<\/span><\/div>\n<div>&nbsp;<\/div>\n<div><span style=\"color: #808080;\">Francesc M &#8211; 01\/11\/2018 &#8211;&nbsp;Comentario publicado en HomeAway<\/span><\/div>\n<div>______________________________________________________________________________<\/div>\n<div>&nbsp;<\/div>\n<div>\n<div class=\"headline\"><strong>Large, comfortable, clean, private, quiet and well equipped run by delightful hosts.<\/strong><\/div>\n<div>&nbsp;<\/div>\n<div class=\"body\"><span style=\"color: #808080;\">We were delighted to have found this quiet oasis as a base for our explorations of Catalunya. Llado itself is a delightful village and there are many wonderful places to visit within about an hours drive. Salut was very willing to share her extensive knowledge of the area. Take her advice, she has better info than Mr Google! You will love the rental home. We hope to return one day as 3 days is not enough.<\/span><\/div>\n<\/div>\n<div>&nbsp;<\/div>\n<div><span style=\"color: #808080;\">Janet McB &#8211; 08\/10\/2018 &#8211;&nbsp;Comentario publicado en HomeAway<\/span><\/div>\n<div>______________________________________________________________________________<\/div>\n<div>\n<div class=\"headline\"><strong>Spacious accommodation in Llado<\/strong><\/div>\n<div>&nbsp;<\/div>\n<div class=\"body\"><span style=\"color: #808080;\">Very friendly reception from Salut who helped us find our way around, and pointed out local walking which was our interest. Help was readilly on hand from Pilau who responded helpfully to our requests. Quiet location for walks and many places of interest not too far away. Highly recomended.<\/span><\/div>\n<div>&nbsp;<\/div>\n<div class=\"date\"><span style=\"color: #808080;\">Keith Rawlings &#8211; 03\/10\/2018 &#8211;&nbsp;Comentario publicado en HomeAway<\/span><\/div>\n<div>___________________________________________________________________________________<\/div>\n<div>\n<div class=\"headline\"><strong>Great stay<\/strong><\/div>\n<div>&nbsp;<\/div>\n<div class=\"body\"><span style=\"color: #808080;\">Very Nice stay in lovely surroundings<\/span><\/div>\n<div>&nbsp;<\/div>\n<div class=\"date\"><span style=\"color: #808080;\">Jenk J B &#8211; 04\/08\/2018 &#8211;&nbsp; Comentario publicado en HomeAway<\/span><\/div>\n<div>______________________________________________________________________________<\/div>\n<div>\n<div class=\"headline\"><strong>Ein tolles Haus mit viel Liebe zum Detail<\/strong><\/div>\n<div>&nbsp;<\/div>\n<div class=\"body\"><span style=\"color: #808080;\">Wir waren mit unseren vier S\u00f6hnen dort. Insgesamt werden drei H\u00e4user vermietet, welche sich aber gr\u00f6\u00dftenteils \u00e4hneln. Unseres hatte von der Terasse einen tollen Blick auf das Dorf Llado. Zudem hatten wir Sicht auf den Pool, welcher ca. 1.30 Meter tief war. So konnten wir ruhig auf der Terasse fr\u00fchst\u00fccken bzw. Essen w\u00e4hrend die Kinder im Pool planschen. Das Haus war super sauber und die Dusche eine Wonne. Die Bilder entsprechen ausnahmslos den Tatsachen. Salut und ihr Mann waren super freundlich und standen uns jederzeit mit Rat und Tat zur Verf\u00fcgung. Insgesamt ein tolles Haus. Kommen gerne wieder<\/span><\/div>\n<div class=\"date\">\n<div>&nbsp;<\/div>\n<div class=\"date\"><span style=\"color: #808080;\">Ren\u00e9 Rodreiguez- 15\/08\/2018 &#8211; Comentario publicado en HomeAway<\/span><\/div>\n<\/div>\n<\/div>\n<div>___________________________________________________________________________________<\/div>\n<div>\n<div class=\"headline\"><strong>Tr\u00e8s bel endroit id\u00e9al pour se ressourcer<\/strong><\/div>\n<div>&nbsp;<\/div>\n<div class=\"body\"><span style=\"color: #808080;\">Gite et environnement tr\u00e8s agr\u00e9able<\/span><\/div>\n<div>&nbsp;<\/div>\n<div><span style=\"color: #808080;\">Fran\u00e7ois W.&nbsp; &#8211; 16\/06\/2018 &#8211;&nbsp; Comentario publicado en HomeAway<\/span><\/div>\n<\/div>\n<div>___________________________________________________________________________________<\/div>\n<\/div>\n<\/div>\n<div class=\"headline\"><strong>Sch\u00f6nes Haus in l\u00e4ndlicher Umgebung<\/strong><\/div>\n<div>&nbsp;<\/div>\n<div class=\"body\"><span style=\"color: #808080;\">Die Unterkunft am Rande von LLado hat uns sehr gut gefallen. Die Vermieterinnen Salut und Pilar sind sehr freundlich und aufmerksam. Wer es gerne ruhig hat, findet hier ein passendes Pl\u00e4tzchen.<\/span><\/div>\n<div>&nbsp;<\/div>\n<div class=\"date\"><span style=\"color: #808080;\">Paul Rubi&nbsp; &#8211; 25\/06\/2018 &#8211;&nbsp; Comentario publicado en HomeAway<\/span><\/div>\n<div>___________________________________________________________________________________<\/div>\n<div>&nbsp;<\/div>\n<div class=\"headline\"><strong>Landhaus mit Stil<\/strong><\/div>\n<div>&nbsp;<\/div>\n<div class=\"body\"><span style=\"color: #808080;\">Die Buchung des Objekts war problemlos. Obwohl das Landhaus, wie beschrieben, etwas au\u00dferhalb liegt, war es gut zu finden. Die Kommunikation via Whats-App etc. war immer gew\u00e4hrleistet. Bei unserer Ankunft wurden wir sehr herzlich empfangen und mit allen notwendigen Informationen versorgt. Das Landhaus hat unsere Erwartungen \u00fcbertroffen. Die Bilder im Inserat sind authentisch, k\u00f6nnen aber das wirkliche Wohlf\u00fchlempfinden nicht transportieren. Das Haus verf\u00fcgt \u00fcber Alles, um einen sch\u00f6nen, erholsamen Urlaub zu verbringen. Es ist sauber, gepflegt und au\u00dferordentlich gut eingerichtet. Salut, Pilar und Familie sind sehr aufmerksam und hilfsbereit. Alle sind sehr bem\u00fcht, den Aufenthalt ihrer G\u00e4ste so komfortabel wie m\u00f6glich zu gestalten. Der Garten ist f\u00fcr kleine und gro\u00dfe Kinder super geeignet. Fu\u00dfl\u00e4ufig ist Llado gut zu erreichen und bietet alles f\u00fcr den t\u00e4glichen Bedarf. F\u00fcr Besuche eines Wochenmarktes, gr\u00f6\u00dfere Eink\u00e4ufe, Strand und Meer oder auch ein Besuch des Schmetterlingparks sollten ca. 30 km Autofahrt eingeplant werden. Uns hat es dort so gut gefallen, da\u00df wir das Landhaus am Ende unseres Urlaubs gleich f\u00fcr das folgende Jahr reserviert haben.<\/span><\/div>\n<div>&nbsp;<\/div>\n<div class=\"date\"><span style=\"color: #808080;\">Ulrike S. &#8211; 06\/09\/2018&nbsp; &#8211;&nbsp;Comentario publicado en HomeAway<\/span><\/div>\n<hr>\n<p><b>Tr\u00e8s bon s\u00e9jour<\/b><\/p>\n<p><span style=\"color: #808080;\">Nous recherchions calme, confort et espace. Nous les avons trouv\u00e9s dans cette location. Les propri\u00e9taires ont tr\u00e8s attentionn\u00e9s et d&#8217;une grande gentillesse. Le gite,situ\u00e9 dans un magnifique jardin, est agr\u00e9able, spacieux et confortable. Les propri\u00e9taires ont eu \u00e0 coeur de nous faire d\u00e9couvrir leur beau pays. Nous conseillons vivement cette location. Nous y reviendrions avec grande plaisir<\/span><\/p>\n<p><span style=\"color: #808080;\">M et A Aubr\u00e9e &#8211; 9\/09\/2017 &#8211;&nbsp;Comentario publicado en Homelidays<\/span><\/p>\n<hr>\n<p><b>Tr\u00e8s bon s\u00e9jour au calme et \u00e0 la campagne. Maison spacieuse et bien \u00e9quip\u00e9e.<\/b><\/p>\n<p><span style=\"color: #808080;\">\u00c0 5 minutes en se promenant du Centre du village. Les propri\u00e9taires sont toujours disponibles pour rendre service.<\/span><\/p>\n<p><span style=\"color: #808080;\">Marie G. &#8211; 21\/08\/2017 &#8211;&nbsp;Comentario publicado en Homelidays<\/span><\/p>\n<hr>\n<p><strong>Tanquilidad, relax y autenticidad<\/strong><\/p>\n<p><span style=\"color: #808080;\">Una de tres casas a las afueras del pueblo de Llad\u00f3. A ni 5minutos a pie del pueblo, se respira tranquilidad y el t\u00edpico ambiente de los pueblecitos de campo. Unos inquilinos entra\u00f1ables que hacen lo posible para que los hu\u00e9spedes se sientan a gusto. La casa decorada y amueblada con mucho gusto y muy comfortable. Para repetir!<\/span><\/p>\n<div><span style=\"color: #808080;\">Laia P &#8211; 17\/08\/2017 &#8211;&nbsp;Comentario publicado en Homelidays<\/span><\/div>\n<div>\n<hr>\n<\/div>\n<p><b>Es war alles genau so sch\u00f6n wie auf den Bildern zu sehen ist<\/b><\/p>\n<p><span style=\"color: #808080;\">Wir haben uns sehr wohl gef\u00fchlt auch wegen der Freundlichkeit und Herzlichkeit der Vermieter und Mitarbeiterin! Sehr gerne werden wir wieder unseren Urlaub dort verbringen. Vielen Dank f\u00fcr die sch\u00f6ne Zeit<\/span><\/p>\n<p><span style=\"color: #808080;\">Winfried S. &#8211; 25 June 2017 &#8211;&nbsp;&nbsp;Comentario publicado en Homelidays<\/span><\/p>\n<div>\n<hr>\n<p><strong>Excellent<\/strong><\/p>\n<p><span style=\"color: #808080;\">Bel endroit de repos, tr\u00e8s bien \u00e9quip\u00e9e, environnement agr\u00e9able, Salut et Tony les propri\u00e9taires sont discrets et super gentils. Id\u00e9al pour ceux qui aiment la campagne, la tranquillit\u00e9. A coup s\u00fbr nous y retournerons<\/span><\/p>\n<p><span style=\"color: #808080;\">Daniel S &#8211; 7\/05\/2017 &#8211; Comentario publicado en Homelidays<\/span><\/p>\n<div>\n<hr>\n<\/div>\n<div>&nbsp;<\/div>\n<p><strong>Really nice, helpful hosts in a beautiful area<\/strong><\/p>\n<p><span style=\"color: #808080;\">Our arrival was greeted by tony, who took me to the local grocery store. He Was a huge help since we dont speak Catalan or Spanish. The house is very clean and functions well. No air conditioning, but all the rooms have fans, so was very nice. The kitchen is terrific. I learned how to use an italian coffee maker! Salut has made a fabulous informational book for the area. It includes everything. The area is beautiful, interesting and has many great restaurants , many very reasonably priced. The grocery store owner suggested what turned out to be my favorite restaurant..la rectoria in esponissa near by. Also really liked the 5 senses in besalu, which is a lovely medieval town. Salut was extremely helpful making reservations for us. She is always eager to help. Both salut and tony speak very good english. Salut is an english teacher. The house also has use of a washing machine which is also very helpful. All together very delightful!!<\/span><\/p>\n<\/div>\n<p><span style=\"color: #808080;\">Adventurer &#8211; 28\/05\/2017 &#8211; Comentario publicado en Homelidays<\/span><\/p>\n<div>\n<div>\n<hr>\n<\/div>\n<p><strong>Volver\u00e9 &#8211; I will be back<\/strong><\/p>\n<p><span style=\"color: #808080;\">My stays at Salut and Toni&#8217;s place have always been more than memorable. They are such nice people with a graciousness which is reflected in their lovely holiday homes. The houses are clean, light, airy, well equipped with wonderful views to Llad\u00f3 and the surrounding countryside. The space outside lends itself to relaxing with a glass of wine and a good book or in the hot weather cooling down in the pool just outside your door. The surrounding area offers long sandy beaches,small coves or for the more adventurous beautiful mountainside to explore. A local bus service brings you to Figueres birthplace of Salvador Dali with its museums, caf\u00e9s and small shopping streets. From here there is a regular connection by train to Barcelona. But for those who just want to unwind, kick back in a lovely atmosphere this is the place to go I myself will definitely be back<\/span><\/p>\n<p><span style=\"color: #808080;\">Sheena Inoue &#8211; March 2017 &#8211;&nbsp;Comentario publicado en Escapada Rural<\/span><\/p>\n<hr>\n<\/div>\n<div class=\"clearfix\">\n<div class=\"col-sm-10 review-header-box\">\n<p class=\"review-header text-left text-info col-sm-8\"><span style=\"color: #333333;\"><b>Beautyful place between the mountains and the sea<\/b><\/span><\/p>\n<p class=\"review-header text-left text-info col-sm-8\"><span style=\"color: #808080;\">We spent 10 days in the comfortable house of Salut Marti. We enjoyed the garden, the pool, friendly People, hospitality. It&#8217;s the ideal place to visit the sea, mountains, villages and nature. We can recommend it!<\/span><\/p>\n<\/div>\n<\/div>\n<p class=\"review-body text-left col-sm-12\"><span style=\"color: #808080;\">Suzanne D. (Holanda) &#8211; Octubre 2016 &#8211;&nbsp;Comentario publicado en Homelidays<\/span><\/p>\n<div class=\"review-body text-left col-sm-12\">\n<hr>\n<\/div>\n<p><strong>Lovely place with breathtaking view<\/strong><\/p>\n<p><span style=\"color: #808080;\">We spent five fantastic weeks (may-june) in Casa del Llad\u00f3. It turned out to be a perfect place for us with our two small children (4 years and 6 months). The houses are well equipped, tidy and clean and nicly decorated. The surroundings are beautiful and the view over the mountains from the terrace is breathtaking. Toni and Salut are very helpful and keen of giving their guests a good stay. We will definitely return to Casa de Llad\u00f3!<\/span><\/p>\n<p><span style=\"color: #808080;\">Llad\u00f3 is a small village just a few minuts walk from the house and really worth visiting. We visited the weekly market every Tuesday, buying nice fruit and vegetables from the area. Don\u2019t miss the meat shop! The very nice butcher makes the best chorizos and hamburgers we have ever tasted!<\/span><\/p>\n<p><span style=\"color: #808080;\">We really liked this part of Catalonia and would recommend it to anyone. Beautiful mediaval villages, the volcanic area, lovely beaches &#8211; the places to visit and explore are many and fit both couples and families with children.<\/span><\/p>\n<p><span style=\"color: #808080;\">CHRISTEL J. (Suecia) &#8211; Junio 2016<\/span><\/p>\n<hr>\n<p><strong>Beautiful, Beautiful, Beautiful<\/strong><\/p>\n<p><span style=\"color: #808080;\">We arrived for our 2 1\/2 week stay several hours early. Salut was extremely accommodating and showed us to the casa, nonetheless. What a beautiful house and property, thoughtfully designed and located. Large, conveniently located, and lots of things to do. Ample parking. Quiet nights and the stars are amazing. Plenty of farm sounds; roosters, chickens, sheep, pigs, dogs, birds, and frogs. The grounds are lovely with many different trees and flowers. A bouquet of rosemary, lavender, and sage greeted us in the casa. We were very comfortable staying in the foothills of the Pyrenees, checking on the nearby snow-capped mountains daily. Salut has many brochures and prepared suggestions for things to do; she is very happy to recommend beaches, restaurants, mountain roads, and other sites. The village is a short 5 minute walk, with a grocery, and several restaurants. Salut is fluent in several languages, including English, French, and German, so communication is no problem. We enjoyed several fires in the wood stove and having a washing machine available is a giant plus for light packers. We did not want to leave and would come back anytime to enjoy this beautiful vacation home. Thanks so much, Salut and Tony!<\/span><\/p>\n<p><span style=\"color: #808080;\">K. and F., USA &#8211; March&nbsp;2016. Published on Trip Advisor 2\/4\/2016<\/span><\/p>\n<hr>\n<p><strong>We enjoyed it very much<\/strong><\/p>\n<p style=\"text-align: justify;\"><span style=\"color: #808080;\">We spent ten days in Casa de Llad\u00f3 and enjoyed it very much. The apartment was very nice: big windows with a great view of the town, the Pyrenees and their foothills to the sea all the way to Roses. The interior is decorated very tastefully especially the bathroom which includes a little garden. The living room-kitchen is very spacious. Even with bad weather you can have a good time there. Everything was tidy and clean and the service from the proprietor was perfect. The proprietors, Salut and Toni, are very lovely and helpful people. We definitely will come back to Llad\u00f3. We enjoyed hiking in the nearby hills and the Pyrenees. In Llad\u00f3 is a very nice restaurant where Carles Antoner serves delicious traditional Catalan food. We spent a lot of time there enjoying the atmosphere on the Pla\u00e7a Major.<\/span><\/p>\n<p><span style=\"color: #808080;\">Angela and Gilbert (Germany) &#8211; 30 jul 2015. Published on Homelidays<\/span><\/p>\n<hr>\n<p><strong>Beautiful setting<\/strong><\/p>\n<p><span style=\"color: #808080;\">The casa is set in the perfect position to wake up to Sun Rise over the Bay of Roses and to watch it set over the low Pyrenees. Salut and Toni are friendly and welcoming hosts who are happy to share their knowledge and information about the many things to do in and around LLado, the coast, and the historic towns in and the area. Especially the beautiful walks in the area. We had a great time . The house is comfortable, well equiped and designed. Salut and Toni are delightful and seemed to enjoy sharing their beautiful setting with guest. We hope to return.<\/span><\/p>\n<p><span style=\"color: #808080;\">Christian Reiloh (Germany) &#8211; 20\/10\/2014. Comentario publicado en HomeAway<\/span><\/p>\n<hr>\n<p><strong>Wonderful location with great hosts<\/strong><\/p>\n<p><span style=\"color: #808080;\">We enjoyed great holidays in casadellado ! It is a beautiful place, the houses are spacious and very comfortable, you have a wonderful view from the swimming pool on the village, it is quiet and at the same time close to many interesting places.<\/span><\/p>\n<p><span style=\"color: #808080;\">Toni, Salut and Anna are great hosts, which became clear already at the time of reservation. They convinced us there are also many things to do for the children and they were right ! Great hospitality, good advices on nice trips &#8211; mountains or beach, sportive or rest, fast food or great cuisine &#8211; Toni, Salut &amp; Anna always had advice. Although we don&#8217;t speak a word of Spanish, French or English were no problem at all !<\/span><\/p>\n<p><span style=\"color: #808080;\">The combination of this all, resulted in a great 2 weeks in Llado. Thank you so much to the hosts for their contribution to this !<\/span><\/p>\n<p><span style=\"color: #808080;\">Fam PAELMAN (&nbsp;Belgium). 3\/08\/2014. Comentatio publicado en Homelidays<\/span><\/p>\n<hr>\n<p><strong>Hidden Paradise<\/strong><\/p>\n<p><span style=\"color: #808080;\">We enjoyed the beautiful country side, our lovley and cozy home and the&nbsp;great hospitality!!<\/span><\/p>\n<p><span style=\"color: #808080;\">This place is perfect to combine a relaxing holiday with some active and cultural highlights. The Pyrenees begin \u201cright in the backyard\u201d offering an ideal start for hiking and biking tours. I have been to many places in Europe to do mountain biking and the Pyrenees are one of the last hidden paradises. Great trails, pure nature, amazing views and spectacular downhill\u2019s. We enjoyed it a lot! For the lazy days you can also get easily to the beach or visit the nice villages around Llad\u00f3 e.g. Besal\u00fa or Banyoles. I also recommend to visit Girona. It\u2019s a very nice city with many cultural highlights and a lot of little shops and bars to recover from sight seeing \ud83d\ude42 My personal highlight: from the terrace of our house I could see on my left the snowy peaks of the Pyrenees and on the right the blue ocean. We will come back again for sure!<\/span><\/p>\n<p><span style=\"color: #808080;\">Birgit, Arne and Holger (Germany) &#8211; 13\/06\/2013. Comentario publicado en HomeAway<\/span><\/p>\n<hr>\n<p><strong>Highly recommended<\/strong><br \/>\n<span style=\"color: #808080;\">\u201cWe spent very nice time in Salut and Tony&#8217;s house. Very calm and picturesque environment. The well equipped and stylish house. Everything is new and comfortable. Beautiful medieval surroundings. It\u201ds a wonderful place to relax after big cities and crowded places. The owners are very helpful and nice people. We dream to come back one day! Thank you.\u201d<\/span><\/p>\n<p><span style=\"color: #808080;\">(Holland) -Maig 2013 &#8211; Comentario publicado en Homelidays<\/span><\/p>\n<hr>\n<p><strong>Fant\u00e1stico<\/strong><\/p>\n<p><span style=\"color: #808080;\">Fant\u00e1stico todo! Una estancia perfecta! Casa linda, entorno brutal y la Salut y la Isabel gente muy amable! Buena energ\u00eda!<\/span><\/p>\n<p><span style=\"color: #808080;\">SERGIO T. (Espa\u00f1a) &#8211; 26\/12\/2016 &#8211;&nbsp;Comentario publicado en Homelidays<\/span><\/p>\n<p><strong>Gran descubrimiento<\/strong><\/p>\n<p><span style=\"color: #808080;\">Hemos pasado un puente genial. La casa estupenda y acojedora. Salut la propietaria, inmejorable. Seguro repetiremos&#8230;<\/span><\/p>\n<p><span style=\"color: #808080;\">Ra\u00fal J. (Catalunya) &nbsp;&#8211; Diciembre 2016 &#8211; Comentario publicado en Escapada Rural<\/span><\/p>\n<hr>\n<p><strong>Muy recomendable<\/strong><\/p>\n<p><span style=\"color: #808080;\">Entorno maravilloso, casa perfecta y acogedora, y exclente acogida y disposici\u00f3n de los propietarios.<\/span><\/p>\n<p><span style=\"color: #808080;\">Montse C. (Catalunya) &#8211; Junio 2016<\/span><\/p>\n<div class=\"clearfix\">\n<hr>\n<\/div>\n<p><b>Katalanische Gastfreundschaft<\/b><\/p>\n<p><span style=\"color: #808080;\">Meine Frau und ich wurden gleich bei der Ankunft sehr herzlich in flie\u00dfendem Deutsch begr\u00fc\u00dft. Wir bekamen gleich erkl\u00e4rt, welche lohnenswerten Ausflugsziele es in der Umgebung gibt und wir haben sofort festgestellt, dass die Zeit nicht reichen w\u00fcrde, um alles anzusehen und zu besuchen. Dabei war Barcelona noch nicht einmal auf der Liste. Die ganze Zeit \u00fcber waren unsere Gastgeber sehr freundlich und aufmerksam. Sie haben uns gleich wie gute Bekannte behandelt und waren ehrlich bem\u00fcht, uns unseren Aufenthalt so angenehm wie m\u00f6glich zu gestalten. Die Casa ist gro\u00dfz\u00fcgig ausgelegt und ausgestattet und hat uns sehr gefallen. Auch nach einigen Tagen haben wir nichts vermisst, auch keine Kleinigkeiten. Wir haben uns in jeder Beziehung wohlgef\u00fchlt. \u00dcber das Badezimmer mit seinem &#8220;Wintergarten&#8221; haben wir gestaunt! Llad\u00f3 ist ein richtiges Dorf, mit herzlichen Leuten, die nicht vom Fremdenverkehr leben. Es macht einfach Spa\u00df, im urigen &#8220;Tante-Emma-Laden&#8221; einzukaufen und ein bisschen Catal\u00e1n zu lernen. Vielen Dank Salut und Toni! Wir kommen sicher wieder!<\/span><\/p>\n<p><span style=\"color: #808080;\">Marga und Karl (Deutchland) &#8211; May 2016 &#8211;&nbsp;Comentario publicado en Homelidays<\/span><\/p>\n<hr>\n<p><b>Nous avons pass\u00e9 de superbes vacances (2 semaines)<\/b><\/p>\n<p><span style=\"color: #808080;\">Les h\u00f4tes sont charmants, serviables et tr\u00e8s pr\u00e9venants. La maison est situ\u00e9e tr\u00e8s favorablement dans un lieu tr\u00e8s beau avec la vue \u00e0 la fois sur la montagne (on voyait le Canigou enneig\u00e9 en avril) et la mer de l&#8217;autre cot\u00e9 du parc. Les g\u00eetes sont tr\u00e8s bien isol\u00e9s les uns des autres, surtout celui qu&#8217;on avait lou\u00e9 il \u00e9tait s\u00e9par\u00e9 des 2 autres pas un salon d&#8217;\u00e9t\u00e9 en pr\u00e9au, des 2 autres. celui qui \u00e9tait lou\u00e9 \u00e0 l&#8217;extr\u00e9mit\u00e9, nous n&#8217;avons m\u00eame pas vu le personnes qui \u00e9taient toutes discr\u00e8tes. Les g\u00eetes sont d&#8217;un grand confort \u00e0 l&#8217;int\u00e9rieur avec une belle vue de chaque cot\u00e9, les chambres sont calmes et le summum est la salle de douche\/ jardin avec son coin v\u00e9randa plein de v\u00e9g\u00e9taux dont des orchid\u00e9es, c&#8217;est un lieu tr\u00e8s zen! Nous avons appr\u00e9ci\u00e9 le cot\u00e9 Bio de la maison avec son toit v\u00e9g\u00e9tal, la possibilit\u00e9 d&#8217;user d&#8217;un compost (comme chez nous \u00e0 la maison). Moralit\u00e9: un petit paradis.<\/span><\/p>\n<p><span style=\"color: #808080;\">SYLVIE ET GEORGES P. (France) &#8211; Avril 2016 &#8211;&nbsp;Comentario publicado en Homelidays<\/span><\/p>\n<hr>\n<p><strong>La location parfaite pour des vacances plaisibles<\/strong><\/p>\n<p style=\"text-align: justify;\"><span style=\"color: #808080;\">Ce g\u00eete est tr\u00e8s confortable : propre, tr\u00e8s lumineux et joliment d\u00e9cor\u00e9, bien \u00e9quip\u00e9, avec en particulier une superbe salle de bain.<\/span><br \/>\n<span style=\"color: #808080;\"> Il y r\u00e8gne une tranquillit\u00e9 tr\u00e8s appr\u00e9ciable.<\/span><br \/>\n<span style=\"color: #808080;\"> Les propri\u00e9taires sont adorables, \u00e0 l&#8217;\u00e9coute et tr\u00e8s chaleureux.<\/span><br \/>\n<span style=\"color: #808080;\"> La situation \u00e9tait parfaite pour nous : au calme, entre mer et montagne. Nous avons pu profiter de grandes promenades \u00e0 la mer, qui se situe \u00e0 environ 30 minutes de voiture, et admirer de tr\u00e8s jolis villages de montagne.<\/span><br \/>\n<span style=\"color: #808080;\"> Nous avons d\u00e9j\u00e0 h\u00e2te d&#8217;y revenir !<\/span><\/p>\n<p style=\"text-align: justify;\"><span style=\"color: #808080;\">Mme Mathilde R. (France). &nbsp;19 d\u00e9cembre 2015. Commentaire publi\u00e9 \u00e0 Homelidays<\/span><\/p>\n<hr>\n<p><strong>15 jours tr\u00e8s sympathiques<\/strong><\/p>\n<p style=\"text-align: justify;\"><span style=\"color: #808080;\">Nous avons pass\u00e9 15 jours tr\u00e8s sympathiques au d\u00e9but du mois de septembre 2015 dans cette villa qui correspondait \u00e0 la description sur le site. La propri\u00e9t\u00e9 est au calme absolu. Toni et Salut sont des propri\u00e9taires \u00e0 la fois gentils, serviables et discrets. Pour les amateurs de marches et randonn\u00e9es en for\u00eat, c\u2019est le point id\u00e9al de d\u00e9part sans prendre la voiture. Une multitude de petits chemins balis\u00e9s se trouvent \u00e0 500 m de la villa. Beaucoup de belles choses \u00e0 d\u00e9couvrir aux alentours. Plusieurs restaurants \u00e0 petits prix tr\u00e8s bons. C\u2019est pour cela que nous recommandons cette location dans laquelle nous comptons revenir.<\/span><\/p>\n<p><span style=\"color: #808080;\">Mme et M. Dubur (France) &#8211; 7 oct 2015. Comentario publicado en&nbsp;Homelidays<\/span><\/p>\n<hr>\n<p><strong>Traumhafter Urlaub<\/strong><\/p>\n<p style=\"text-align: justify;\"><span style=\"color: #808080;\">Wir hatten einen Traumhaften Urlaub in Llado. Salut und ihr Mann sind sehr aufmerksame Gastgeber und haben ein kleines Urlaubsparadies geschaffen. Wir haben den Aufenthalt sehr genossen und direkt f\u00fcr n\u00e4chstes Jahr gebucht. Als Urlauber mit Kindern k\u00f6nnen wir allen Familien diese Unterkunft empfehlen. Besonders die Lage und damit auch die Aussicht, hat es uns angetan. Etwas Abseits des Massentourismus und doch alles mit dem Auto gut zu erreichen. Wir freuen uns jetzt schon auf n\u00e4chstes Jahr.<\/span><\/p>\n<p><span style=\"color: #808080;\">Dina C (Deutchland) &#8211; 10 sep 2015.&nbsp;Comentario publicado en&nbsp;Homelidays<\/span><\/p>\n<hr>\n<p><strong>Vacances per recordar<\/strong><\/p>\n<p style=\"text-align: justify;\"><span style=\"color: #808080;\">Primeramente agradecer a Salut y familia lo agradable que nos han hecho la estancia en una des sus casas en Llad\u00f3.&nbsp;La casa es muy bonita, estaba muy limpia, totalmente nueva. Ideal para ir con ni\u00f1os ya que tiene un jard\u00edn amplio para jugar, y una piscina para refrescarte cuando vuelves de las excursiones. Y las vistas inmejorables, ya que desde la terraza puedes ver amanecer con claras vistas al Cap de Creus.<\/span><br \/>\n<span style=\"color: #808080;\"> Es una zona ideal&#8230;. cerqu\u00edsimo de la costa (Roses, Cadaqu\u00e9s, St. Pere Pescador, Ampuria Brava, L\u00b4Escala, Figueres, etc..)y cerqu\u00edsimo de la monta\u00f1a (Garrotxa en general que \u00e9s fant\u00e1stica, Besal\u00fa, Castellfollit, La Fageda d\u00b4en Jord\u00e0,etc&#8230; Ambas zonas quedan a aprox. entre 20 y 30 km. de el alojamiento.<\/span><br \/>\n<span style=\"color: #808080;\"> Seguro volveremos y desde luego lo aconsejamos a todos!!!!<\/span><\/p>\n<p><span style=\"color: #808080;\">Laura G (Catalunya) 13\/10\/2014. Comentatio publicado en HomeAway<\/span><\/p>\n<hr>\n<p><strong>Tranquilitat<\/strong><\/p>\n<p><span style=\"color: #808080;\">Vam llogar la casa el cap de setmana i vam gaudir d\u2019una pau i unes vistes a l\u2019Empord\u00e0 impressionants. Les cases estan molt ben condicionades i decorades amb molt de gust. L\u2019espai exterior \u00e9s genial per estar tranquil i gaudir de l\u2019entorn natural. El tracte formidable, la Salut i en Toni (els propietaris) ens van fer sentir com a casa i ens van atendre amb molt d\u2019afecte. Guardem un entranyable record de la nostra estada a la casa. Uns dies inoblidables, us ho recomanem. Llu\u00eds i L\u00eddia.<\/span><\/p>\n<p><span style=\"color: #808080;\">Llu\u00eds (Catalunya) &#8211; Maig 2014 &#8211; Comentario publicado en HomeAway<\/span><\/p>\n<hr>\n<p><strong>&nbsp;Wundersh\u00f6nes Ferienhaus<\/strong><\/p>\n<p style=\"text-align: justify;\"><span style=\"color: #808080;\">Wir suchten als Motorradfahrer eine Unterkunft auf dem Lande, mit einem gro\u00dfen Parkplatz (f\u00fcr Auto, Anh\u00e4nger und zwei Motorr\u00e4der) nahe der Costa Brava und den Ausl\u00e4ufern der Pyren\u00e4en und fanden diese Unterkunft hier in Llado.&nbsp;Wir haben schon viele Unterk\u00fcnfte kennen gelernt, aber noch nie hat uns ein Vermieter bei der Ankunft gefragt:&#8221; Habt Ihr schon etwas zu Mittag gegessen?&#8221;&nbsp;F\u00fcr den Vermieter war es kein Problem, dass wir fr\u00fcher ankamen als vorher abgesprochen.&nbsp;Wir f\u00fchlten uns bei dem Vermieterehepaar Toni und Salut sofort gut aufgehoben.&nbsp;Man wurde wie in einer Gemeinschaft aufgenommen und doch wurde der Abstand diskret gewahrt.&nbsp;\u00dcbrigens, die Vermieterin spricht sehr gut Deutsch.<\/span><br \/>\n<span style=\"color: #808080;\"> Die Wohnung wurde so vorgefunden wie in der Homepage beschrieben und in vielen Details noch \u00fcbertroffen. Beispiel: Fu\u00dfbodenheizung, Kamin (Holz wird vom Vermieter gestellt), und das Badezimmer mit einer wohnlichen Architektur.&nbsp;Die K\u00fcche ist sehr gut ausgestattet, z.B. mit einer Mikrowelle, Geschirrsp\u00fcler, Gefrier- und K\u00fchlschrank, Waschmaschine, P\u00fcrierstab usw. Alle notwendigen Haushaltsgegenst\u00e4nde sind vorhanden.&nbsp;Die Terrasse ist sehr sch\u00f6n, alles ist sehr gepflegt und sauber.<\/span><br \/>\n<span style=\"color: #808080;\"> Ein Blumenstrau\u00df zum Empfang zeigt das Engagement des Vermieters, dass er dem Mieter den Aufenthalt so angenehm wie m\u00f6glich machen m\u00f6chte. Wir haben uns bei Toni und Salut sehr wohl gef\u00fchlt und m\u00f6chten uns f\u00fcr den sch\u00f6nen Urlaub in Llado bedanken.<\/span><\/p>\n<p style=\"text-align: justify;\"><span style=\"color: #808080;\">Rolf und Meike (Deutchland). 20\/04\/2014. Comentario publicado en HomeAway<\/span><\/p>\n<hr>\n<p style=\"text-align: justify;\"><strong>Vacances d\u2019hiver<\/strong><\/p>\n<p style=\"text-align: justify;\"><span style=\"color: #808080;\">\u201cNous avons pass\u00e9 un s\u00e9jour tr\u00e8s agr\u00e9able \u00e0 LLado.La maison est tr\u00e8s bien \u00e9quip\u00e9e, confortable,spacieuse et agenc\u00e9e avec beaucoup de go\u00fbt.Nous avons particuli\u00e8rement appr\u00e9ci\u00e9 le chauffage par le sol,important pour des vacances en hiver.Le cadre en cette saison est magnifique,vue sur les amandiers en fleurs, c\u00f4t\u00e9 jardin.Grand espace autour des maisons pour des enfants en bas \u00e2ge et environnement tr\u00e8s calme.Les propri\u00e9taires sont adorables et de bons conseils pour d\u00e9couvrir la r\u00e9gion.Nous recommandons ce logement bien plac\u00e9 pour d\u00e9couvrir une Espagne plus authentique avec le confort moderne.\u201d<\/span><\/p>\n<p><span style=\"color: #808080;\">Sophie T. (Francia) \u2013 El 06\/03\/2014.&nbsp;Comentario publicado en Homelidays<\/span><\/p>\n<hr>\n<p><strong>La casa de llad\u00f3<\/strong><br \/>\n<span style=\"color: #808080;\">\u201cHemos pasado un fin de semana maravilloso en la casa de Llad\u00f3. La casa preciosa tanto por dentro como por fuera no faltaba ningun detalle. Limpia, acogedora, muy bonita, la cocina equipad\u00edsima\u2026daban ganas de no salir nunca de esa casa tan m\u00e1gica! Nos hemos quedado con ganas de m\u00e1s as\u00ed que sin dudarlo volveremos. Quer\u00edamos dar las gracias a los propietarios, Salut y Toni porque nos hicieron sentir como en casa. Una maravilla de personas de verdad, da gusto encontrarse con gente tan cercana como ellos a la que se les coge mucho cari\u00f1o, se agradece que nos trataran tan bien. Hemos disfrutado much\u00edsimo, gracias por todo. Esperamos volver pronto. Un saludo con mucho cari\u00f1o de Ricardo y Ver\u00f3nica!\u201d<\/span><\/p>\n<p><span style=\"color: #808080;\">VERONICA B. (Espa\u00f1a) \u2013 El 26\/11\/2013.&nbsp;Comentario publicado en Homelidays<\/span><\/p>\n<hr>\n<p style=\"text-align: justify;\"><strong>Un peque\u00f1o paraiso<\/strong><\/p>\n<p style=\"text-align: justify;\"><span style=\"color: #808080;\">Hemos estado alojados en esta casa durante un mes con nuestros peque\u00f1os mellizos y podemos decir que es un peque\u00f1o para\u00edso, la naturaleza se siente en toda la casa, tanto dentro como fuera, hemos visto p\u00e1jaros que nunca hab\u00edamos visto como la abubilla, el cuco,.. Mirar por la ventana de la cocina es todo un placer para la vista, por la derecha el golfo de Rosas con el mar al fondo y a la izquierda los Pirineos y adem\u00e1s \u00a1nevados!Los amaneceres son espectaculares con el sol reflejando en el mar y hasta cuando llueve se est\u00e1 fenomenal dentro de la casa. La casa est\u00e1 equipada con todo, es muy espaciosa, no hemos echado en falta nada. Menci\u00f3n especial merece el ba\u00f1o con su peque\u00f1o jard\u00edn dentro. Salut y Toni, los propietarios, son encantadores, hemos disfrutado mucho de sus charlas, hemos compartido con ellos mesa y experiencias y han hecho disfrutar a nuestros peque\u00f1os con sus juegos y canciones, en fin, gente que se hace querer\u2026 porque se sabe dar.<\/span><\/p>\n<p style=\"text-align: justify;\"><span style=\"color: #808080;\">Pablo y Gentzane (Espa\u00f1a) &#8211; 9\/05\/2013<\/span><\/p>\n<hr>\n<p><strong>Maravilla<\/strong><\/p>\n<p><span style=\"color: #808080;\">Un lugar excelente, con personas maravillosas y un trato muy especial. Cerca de lugares incre\u00edbles como la costa de l&#8217;Empord\u00e0 y los Pirineos. Y sin ir m\u00e1s lejos, alrededor de la propia casa, tiene todas las condiciones para dejarte impresionado con la naturaleza, sin necesitar coche.<\/span><\/p>\n<p><span style=\"color: #808080;\">Isabel X. (Espa\u00f1a) &#8211; Junio 2012<\/span><\/p>\n<p><a href=\"http:\/\/www.homelidays.es\/alojamiento\/p6577141\"> For more comments from Homelidays please follow this link <\/a><\/p>\n","protected":false},"excerpt":{"rendered":"<p>This is what our customers say about us: Genial! Hemos estado de lujo! La casa es preciosa, con muchos espacios comunes, buena cocina y habitaciones. El entorno precioso y Salut s\u00faper amable. Gracias! Miriam Z. Publicado el 9\/28\/2022 a las<\/p>\n","protected":false},"author":1,"featured_media":0,"parent":0,"menu_order":0,"comment_status":"closed","ping_status":"closed","template":"","meta":{"ngg_post_thumbnail":0,"_vp_format_video_url":"","_vp_image_focal_point":[],"footnotes":""},"class_list":["post-428","page","type-page","status-publish","hentry"],"yoast_head":"<!-- This site is optimized with the Yoast SEO plugin v27.5 - https:\/\/yoast.com\/product\/yoast-seo-wordpress\/ -->\n<title>Comments - La Casa de Llad\u00f3<\/title>\n<meta name=\"robots\" content=\"index, follow, max-snippet:-1, max-image-preview:large, max-video-preview:-1\" \/>\n<link rel=\"canonical\" href=\"https:\/\/www.lacasadellado.cat\/en\/comments\/\" \/>\n<meta property=\"og:locale\" content=\"en_US\" \/>\n<meta property=\"og:type\" content=\"article\" \/>\n<meta property=\"og:title\" content=\"Comments - La Casa de Llad\u00f3\" \/>\n<meta property=\"og:description\" content=\"This is what our customers say about us: Genial! Hemos estado de lujo! La casa es preciosa, con muchos espacios comunes, buena cocina y habitaciones. El entorno precioso y Salut s\u00faper amable. Gracias! Miriam Z. Publicado el 9\/28\/2022 a las\" \/>\n<meta property=\"og:url\" content=\"https:\/\/www.lacasadellado.cat\/en\/comments\/\" \/>\n<meta property=\"og:site_name\" content=\"La Casa de Llad\u00f3\" \/>\n<meta property=\"article:modified_time\" content=\"2022-11-04T19:47:35+00:00\" \/>\n<meta name=\"twitter:label1\" content=\"Est. reading time\" \/>\n\t<meta name=\"twitter:data1\" content=\"27 minutes\" \/>\n<script type=\"application\/ld+json\" class=\"yoast-schema-graph\">{\"@context\":\"https:\\\/\\\/schema.org\",\"@graph\":[{\"@type\":\"WebPage\",\"@id\":\"https:\\\/\\\/www.lacasadellado.cat\\\/en\\\/comments\\\/\",\"url\":\"https:\\\/\\\/www.lacasadellado.cat\\\/en\\\/comments\\\/\",\"name\":\"Comments - La Casa de Llad\u00f3\",\"isPartOf\":{\"@id\":\"https:\\\/\\\/www.lacasadellado.cat\\\/en\\\/#website\"},\"datePublished\":\"2014-07-24T12:07:11+00:00\",\"dateModified\":\"2022-11-04T19:47:35+00:00\",\"breadcrumb\":{\"@id\":\"https:\\\/\\\/www.lacasadellado.cat\\\/en\\\/comments\\\/#breadcrumb\"},\"inLanguage\":\"en-US\",\"potentialAction\":[{\"@type\":\"ReadAction\",\"target\":[\"https:\\\/\\\/www.lacasadellado.cat\\\/en\\\/comments\\\/\"]}]},{\"@type\":\"BreadcrumbList\",\"@id\":\"https:\\\/\\\/www.lacasadellado.cat\\\/en\\\/comments\\\/#breadcrumb\",\"itemListElement\":[{\"@type\":\"ListItem\",\"position\":1,\"name\":\"Home\",\"item\":\"https:\\\/\\\/www.lacasadellado.cat\\\/en\\\/\"},{\"@type\":\"ListItem\",\"position\":2,\"name\":\"Comments\"}]},{\"@type\":\"WebSite\",\"@id\":\"https:\\\/\\\/www.lacasadellado.cat\\\/en\\\/#website\",\"url\":\"https:\\\/\\\/www.lacasadellado.cat\\\/en\\\/\",\"name\":\"La Casa de Llad\u00f3\",\"description\":\"A window on l`Emporda\",\"publisher\":{\"@id\":\"https:\\\/\\\/www.lacasadellado.cat\\\/en\\\/#organization\"},\"potentialAction\":[{\"@type\":\"SearchAction\",\"target\":{\"@type\":\"EntryPoint\",\"urlTemplate\":\"https:\\\/\\\/www.lacasadellado.cat\\\/en\\\/?s={search_term_string}\"},\"query-input\":{\"@type\":\"PropertyValueSpecification\",\"valueRequired\":true,\"valueName\":\"search_term_string\"}}],\"inLanguage\":\"en-US\"},{\"@type\":\"Organization\",\"@id\":\"https:\\\/\\\/www.lacasadellado.cat\\\/en\\\/#organization\",\"name\":\"La Casa de Llad\u00f3\",\"url\":\"https:\\\/\\\/www.lacasadellado.cat\\\/en\\\/\",\"logo\":{\"@type\":\"ImageObject\",\"inLanguage\":\"en-US\",\"@id\":\"https:\\\/\\\/www.lacasadellado.cat\\\/en\\\/#\\\/schema\\\/logo\\\/image\\\/\",\"url\":\"https:\\\/\\\/www.lacasadellado.cat\\\/en\\\/wp-content\\\/uploads\\\/sites\\\/2\\\/2014\\\/07\\\/my-llado-logo-1-en.png\",\"contentUrl\":\"https:\\\/\\\/www.lacasadellado.cat\\\/en\\\/wp-content\\\/uploads\\\/sites\\\/2\\\/2014\\\/07\\\/my-llado-logo-1-en.png\",\"width\":167,\"height\":47,\"caption\":\"La Casa de Llad\u00f3\"},\"image\":{\"@id\":\"https:\\\/\\\/www.lacasadellado.cat\\\/en\\\/#\\\/schema\\\/logo\\\/image\\\/\"}}]}<\/script>\n<!-- \/ Yoast SEO plugin. -->","yoast_head_json":{"title":"Comments - La Casa de Llad\u00f3","robots":{"index":"index","follow":"follow","max-snippet":"max-snippet:-1","max-image-preview":"max-image-preview:large","max-video-preview":"max-video-preview:-1"},"canonical":"https:\/\/www.lacasadellado.cat\/en\/comments\/","og_locale":"en_US","og_type":"article","og_title":"Comments - La Casa de Llad\u00f3","og_description":"This is what our customers say about us: Genial! Hemos estado de lujo! La casa es preciosa, con muchos espacios comunes, buena cocina y habitaciones. El entorno precioso y Salut s\u00faper amable. Gracias! Miriam Z. Publicado el 9\/28\/2022 a las","og_url":"https:\/\/www.lacasadellado.cat\/en\/comments\/","og_site_name":"La Casa de Llad\u00f3","article_modified_time":"2022-11-04T19:47:35+00:00","twitter_misc":{"Est. reading time":"27 minutes"},"schema":{"@context":"https:\/\/schema.org","@graph":[{"@type":"WebPage","@id":"https:\/\/www.lacasadellado.cat\/en\/comments\/","url":"https:\/\/www.lacasadellado.cat\/en\/comments\/","name":"Comments - La Casa de Llad\u00f3","isPartOf":{"@id":"https:\/\/www.lacasadellado.cat\/en\/#website"},"datePublished":"2014-07-24T12:07:11+00:00","dateModified":"2022-11-04T19:47:35+00:00","breadcrumb":{"@id":"https:\/\/www.lacasadellado.cat\/en\/comments\/#breadcrumb"},"inLanguage":"en-US","potentialAction":[{"@type":"ReadAction","target":["https:\/\/www.lacasadellado.cat\/en\/comments\/"]}]},{"@type":"BreadcrumbList","@id":"https:\/\/www.lacasadellado.cat\/en\/comments\/#breadcrumb","itemListElement":[{"@type":"ListItem","position":1,"name":"Home","item":"https:\/\/www.lacasadellado.cat\/en\/"},{"@type":"ListItem","position":2,"name":"Comments"}]},{"@type":"WebSite","@id":"https:\/\/www.lacasadellado.cat\/en\/#website","url":"https:\/\/www.lacasadellado.cat\/en\/","name":"La Casa de Llad\u00f3","description":"A window on l`Emporda","publisher":{"@id":"https:\/\/www.lacasadellado.cat\/en\/#organization"},"potentialAction":[{"@type":"SearchAction","target":{"@type":"EntryPoint","urlTemplate":"https:\/\/www.lacasadellado.cat\/en\/?s={search_term_string}"},"query-input":{"@type":"PropertyValueSpecification","valueRequired":true,"valueName":"search_term_string"}}],"inLanguage":"en-US"},{"@type":"Organization","@id":"https:\/\/www.lacasadellado.cat\/en\/#organization","name":"La Casa de Llad\u00f3","url":"https:\/\/www.lacasadellado.cat\/en\/","logo":{"@type":"ImageObject","inLanguage":"en-US","@id":"https:\/\/www.lacasadellado.cat\/en\/#\/schema\/logo\/image\/","url":"https:\/\/www.lacasadellado.cat\/en\/wp-content\/uploads\/sites\/2\/2014\/07\/my-llado-logo-1-en.png","contentUrl":"https:\/\/www.lacasadellado.cat\/en\/wp-content\/uploads\/sites\/2\/2014\/07\/my-llado-logo-1-en.png","width":167,"height":47,"caption":"La Casa de Llad\u00f3"},"image":{"@id":"https:\/\/www.lacasadellado.cat\/en\/#\/schema\/logo\/image\/"}}]}},"_links":{"self":[{"href":"https:\/\/www.lacasadellado.cat\/en\/wp-json\/wp\/v2\/pages\/428","targetHints":{"allow":["GET"]}}],"collection":[{"href":"https:\/\/www.lacasadellado.cat\/en\/wp-json\/wp\/v2\/pages"}],"about":[{"href":"https:\/\/www.lacasadellado.cat\/en\/wp-json\/wp\/v2\/types\/page"}],"author":[{"embeddable":true,"href":"https:\/\/www.lacasadellado.cat\/en\/wp-json\/wp\/v2\/users\/1"}],"replies":[{"embeddable":true,"href":"https:\/\/www.lacasadellado.cat\/en\/wp-json\/wp\/v2\/comments?post=428"}],"version-history":[{"count":0,"href":"https:\/\/www.lacasadellado.cat\/en\/wp-json\/wp\/v2\/pages\/428\/revisions"}],"wp:attachment":[{"href":"https:\/\/www.lacasadellado.cat\/en\/wp-json\/wp\/v2\/media?parent=428"}],"curies":[{"name":"wp","href":"https:\/\/api.w.org\/{rel}","templated":true}]}}